{"id":566,"date":"2015-10-26T16:57:55","date_gmt":"2015-10-26T16:57:55","guid":{"rendered":"http:\/\/www.semanbaker.com.mx\/site\/?page_id=566"},"modified":"2015-11-25T16:45:04","modified_gmt":"2015-11-25T16:45:04","slug":"carpas-monita","status":"publish","type":"page","link":"http:\/\/www.semanbaker.com.mx\/site\/productos\/carpas-monita\/","title":{"rendered":"CARPAS MO\u00d1ITA\u00ae"},"content":{"rendered":"<p>SEMAN BAKER\u00ae <strong>distribuidor oficial<\/strong> de la marca MO\u00d1ITA\u00ae en M\u00e9xico. Mo\u00f1ita \u00ae, empresa espa\u00f1ola con 75 a\u00f1os de trayectoria en el mercado, cuyos productos cuentan con el Certificado de Gesti\u00f3n de Calidad ISO 9001:2008 y cumplimiento estricto de las normas UNE EN 13782 y UNE EN 15619. Carpas poligonales y a dos aguas de calidad europea con dimensiones en grandes formatos. Construcciones modulares formadas por estructura de aluminio desmontable y cubierta en membrana arquitect\u00f3nica de poli\u00e9ster recubierta con PVC.\u00a0<\/p>\n<p>&nbsp;<\/p>\n<p>Ideales para montarse en:<\/p>\n<p>\u2022 Zonas industriales, almacenes, talleres.\u00a0<\/p>\n<p>\u2022 Eventos, celebraciones, festividades.<\/p>\n<p>&nbsp;<\/p>\n<p>Entre las ventajas de las carpas destacan:<\/p>\n<p>\u2022 Rapidez y sencillez de montaje y desmontaje.<\/p>\n<p>\u2022 Facilidad de traslado y almacenamiento.<\/p>\n<p>\u2022 Capacidad para adaptarse a cualquier necesidad del usuario. \u00a0<\/p>\n<p>&nbsp;<\/p>\n<p><a title=\"Estructuras Neum\u00e1ticas\" href=\"http:\/\/www.toldosmonita.com\" target=\"_blank\">http:\/\/www.toldosmonita.com<\/a> \u00a0<\/p>\n\r\n\t<div class=\"slideshow_container slideshow_container_style-light\" style=\" \" data-slideshow-id=\"582\" data-style-name=\"style-light\" data-style-version=\"2.3.1\" >\r\n\r\n\t\t\t\t\t<div class=\"slideshow_loading_icon\"><\/div>\r\n\t\t\r\n\t\t<div class=\"slideshow_content\" style=\"display: none;\">\r\n\r\n\t\t\t<div class=\"slideshow_view\">\r\n\t\t\t\t<div class=\"slideshow_slide slideshow_slide_image\">\r\n\t\t\t\t\t\t\t\t\t\t\t<img src=\"http:\/\/www.semanbaker.com.mx\/site\/wp-content\/uploads\/2015\/10\/Modelo-SMAP-aluminio-y-cristal.jpg\" alt=\"DCF 1.0\" width=\"867\" height=\"578\" \/>\r\n\t\t\t\t\t\t\t\t\t\t<div class=\"slideshow_description_box slideshow_transparent\">\r\n\t\t\t\t\t\t<div class=\"slideshow_title\">DCF 1.0<\/div>\t\t\t\t\t\t\t\t\t\t\t<\/div>\r\n\t\t\t\t<\/div>\r\n\r\n\t\t\t\t\t\t<div style=\"clear: both;\"><\/div><\/div><div class=\"slideshow_view\">\r\n\t\t\t\t<div class=\"slideshow_slide slideshow_slide_image\">\r\n\t\t\t\t\t\t\t\t\t\t\t<img src=\"http:\/\/www.semanbaker.com.mx\/site\/wp-content\/uploads\/2015\/10\/Jaimas-celebraci\u00f3n.jpg\" alt=\"Jaimas celebraci\u00f3n\" width=\"615\" height=\"461\" \/>\r\n\t\t\t\t\t\t\t\t\t\t<div class=\"slideshow_description_box slideshow_transparent\">\r\n\t\t\t\t\t\t<div class=\"slideshow_title\">Jaimas celebraci\u00f3n<\/div>\t\t\t\t\t\t\t\t\t\t\t<\/div>\r\n\t\t\t\t<\/div>\r\n\r\n\t\t\t\t\t\t<div style=\"clear: both;\"><\/div><\/div><div class=\"slideshow_view\">\r\n\t\t\t\t<div class=\"slideshow_slide slideshow_slide_image\">\r\n\t\t\t\t\t\t\t\t\t\t\t<img src=\"http:\/\/www.semanbaker.com.mx\/site\/wp-content\/uploads\/2015\/10\/Grandes-montajes-carpas-MO\u00d1ITA-Semana-Negra.jpg\" alt=\"Grandes montajes carpas MO\u00d1ITA, Semana Negra\" width=\"4064\" height=\"2704\" \/>\r\n\t\t\t\t\t\t\t\t\t\t<div class=\"slideshow_description_box slideshow_transparent\">\r\n\t\t\t\t\t\t<div class=\"slideshow_title\">Grandes montajes carpas MO\u00d1ITA, Semana Negra<\/div>\t\t\t\t\t\t\t\t\t\t\t<\/div>\r\n\t\t\t\t<\/div>\r\n\r\n\t\t\t\t\t\t<div style=\"clear: both;\"><\/div><\/div><div class=\"slideshow_view\">\r\n\t\t\t\t<div class=\"slideshow_slide slideshow_slide_image\">\r\n\t\t\t\t\t\t\t\t\t\t\t<img src=\"http:\/\/www.semanbaker.com.mx\/site\/wp-content\/uploads\/2015\/10\/Fabricaciones-especiales-IGLESIA.jpg\" alt=\"Fabricaciones especiales IGLESIA\" width=\"4000\" height=\"3000\" \/>\r\n\t\t\t\t\t\t\t\t\t\t<div class=\"slideshow_description_box slideshow_transparent\">\r\n\t\t\t\t\t\t<div class=\"slideshow_title\">Fabricaciones especiales IGLESIA<\/div>\t\t\t\t\t\t\t\t\t\t\t<\/div>\r\n\t\t\t\t<\/div>\r\n\r\n\t\t\t\t\t\t<div style=\"clear: both;\"><\/div><\/div><div class=\"slideshow_view\">\r\n\t\t\t\t<div class=\"slideshow_slide slideshow_slide_image\">\r\n\t\t\t\t\t\t\t\t\t\t\t<img src=\"http:\/\/www.semanbaker.com.mx\/site\/wp-content\/uploads\/2015\/10\/Fabricaciones-Especiales-IGLESIA-2.jpg\" alt=\"Fabricaciones Especiales IGLESIA 2\" width=\"2592\" height=\"1944\" \/>\r\n\t\t\t\t\t\t\t\t\t\t<div class=\"slideshow_description_box slideshow_transparent\">\r\n\t\t\t\t\t\t<div class=\"slideshow_title\">Fabricaciones Especiales IGLESIA 2<\/div>\t\t\t\t\t\t\t\t\t\t\t<\/div>\r\n\t\t\t\t<\/div>\r\n\r\n\t\t\t\t\t\t<div style=\"clear: both;\"><\/div><\/div><div class=\"slideshow_view\">\r\n\t\t\t\t<div class=\"slideshow_slide slideshow_slide_image\">\r\n\t\t\t\t\t\t\t\t\t\t\t<img src=\"http:\/\/www.semanbaker.com.mx\/site\/wp-content\/uploads\/2015\/10\/Evento-BMW-1.jpg\" alt=\"Evento BMW 1\" width=\"4288\" height=\"2848\" \/>\r\n\t\t\t\t\t\t\t\t\t\t<div class=\"slideshow_description_box slideshow_transparent\">\r\n\t\t\t\t\t\t<div class=\"slideshow_title\">Evento BMW 1<\/div>\t\t\t\t\t\t\t\t\t\t\t<\/div>\r\n\t\t\t\t<\/div>\r\n\r\n\t\t\t\t\t\t<div style=\"clear: both;\"><\/div><\/div><div class=\"slideshow_view\">\r\n\t\t\t\t<div class=\"slideshow_slide slideshow_slide_image\">\r\n\t\t\t\t\t\t\t\t\t\t\t<img src=\"http:\/\/www.semanbaker.com.mx\/site\/wp-content\/uploads\/2015\/10\/Carpa-Poligonal-de-30.jpg\" alt=\"Carpa Poligonal de 30\" width=\"2300\" height=\"1530\" \/>\r\n\t\t\t\t\t\t\t\t\t\t<div class=\"slideshow_description_box slideshow_transparent\">\r\n\t\t\t\t\t\t<div class=\"slideshow_title\">Carpa Poligonal de 30<\/div>\t\t\t\t\t\t\t\t\t\t\t<\/div>\r\n\t\t\t\t<\/div>\r\n\r\n\t\t\t\t\t\t<div style=\"clear: both;\"><\/div><\/div><div class=\"slideshow_view\">\r\n\t\t\t\t<div class=\"slideshow_slide slideshow_slide_image\">\r\n\t\t\t\t\t\t\t\t\t\t\t<img src=\"http:\/\/www.semanbaker.com.mx\/site\/wp-content\/uploads\/2015\/10\/Carpa-Poligonal-30-Real-Madrid.jpg\" alt=\"Carpa Poligonal 30, Real Madrid\" width=\"3648\" height=\"2736\" \/>\r\n\t\t\t\t\t\t\t\t\t\t<div class=\"slideshow_description_box slideshow_transparent\">\r\n\t\t\t\t\t\t<div class=\"slideshow_title\">Carpa Poligonal 30, Real Madrid<\/div>\t\t\t\t\t\t\t\t\t\t\t<\/div>\r\n\t\t\t\t<\/div>\r\n\r\n\t\t\t\t\t\t<div style=\"clear: both;\"><\/div><\/div><div class=\"slideshow_view\">\r\n\t\t\t\t<div class=\"slideshow_slide slideshow_slide_image\">\r\n\t\t\t\t\t\t\t\t\t\t\t<img src=\"http:\/\/www.semanbaker.com.mx\/site\/wp-content\/uploads\/2015\/10\/Carpa-Poligonal-20-interiores-Solar-Decathlon-.jpg\" alt=\"Carpa Poligonal 20, interiores Solar Decathlon\" width=\"4368\" height=\"2912\" \/>\r\n\t\t\t\t\t\t\t\t\t\t<div class=\"slideshow_description_box slideshow_transparent\">\r\n\t\t\t\t\t\t<div class=\"slideshow_title\">Carpa Poligonal 20, interiores Solar Decathlon<\/div>\t\t\t\t\t\t\t\t\t\t\t<\/div>\r\n\t\t\t\t<\/div>\r\n\r\n\t\t\t\t\t\t<div style=\"clear: both;\"><\/div><\/div><div class=\"slideshow_view\">\r\n\t\t\t\t<div class=\"slideshow_slide slideshow_slide_image\">\r\n\t\t\t\t\t\t\t\t\t\t\t<img src=\"http:\/\/www.semanbaker.com.mx\/site\/wp-content\/uploads\/2015\/10\/Carpa-instalaci\u00f3n-deportiva-techos-presurizados.jpg\" alt=\"Carpa instalaci\u00f3n deportiva, techos presurizados\" width=\"1920\" height=\"1080\" \/>\r\n\t\t\t\t\t\t\t\t\t\t<div class=\"slideshow_description_box slideshow_transparent\">\r\n\t\t\t\t\t\t<div class=\"slideshow_title\">Carpa instalaci\u00f3n deportiva, techos presurizados<\/div>\t\t\t\t\t\t\t\t\t\t\t<\/div>\r\n\t\t\t\t<\/div>\r\n\r\n\t\t\t\t\t\t<div style=\"clear: both;\"><\/div><\/div><div class=\"slideshow_view\">\r\n\t\t\t\t<div class=\"slideshow_slide slideshow_slide_image\">\r\n\t\t\t\t\t\t\t\t\t\t\t<img src=\"http:\/\/www.semanbaker.com.mx\/site\/wp-content\/uploads\/2015\/10\/Carpa-instalaci\u00f3n-deportiva-techos-presurizados-ELorrio-2.jpg\" alt=\"Carpa instalaci\u00f3n deportiva, techos presurizados ELorrio 2\" width=\"1920\" height=\"1080\" \/>\r\n\t\t\t\t\t\t\t\t\t\t<div class=\"slideshow_description_box slideshow_transparent\">\r\n\t\t\t\t\t\t<div class=\"slideshow_title\">Carpa instalaci\u00f3n deportiva, techos presurizados ELorrio 2<\/div>\t\t\t\t\t\t\t\t\t\t\t<\/div>\r\n\t\t\t\t<\/div>\r\n\r\n\t\t\t\t\t\t<div style=\"clear: both;\"><\/div><\/div><div class=\"slideshow_view\">\r\n\t\t\t\t<div class=\"slideshow_slide slideshow_slide_image\">\r\n\t\t\t\t\t\t\t\t\t\t\t<img src=\"http:\/\/www.semanbaker.com.mx\/site\/wp-content\/uploads\/2015\/10\/Carpa-insatalaci\u00f3n-deportiva-Elorrio.jpg\" alt=\"Carpa insatalaci\u00f3n deportiva Elorrio\" width=\"2048\" height=\"1536\" \/>\r\n\t\t\t\t\t\t\t\t\t\t<div class=\"slideshow_description_box slideshow_transparent\">\r\n\t\t\t\t\t\t<div class=\"slideshow_title\">Carpa insatalaci\u00f3n deportiva Elorrio<\/div>\t\t\t\t\t\t\t\t\t\t\t<\/div>\r\n\t\t\t\t<\/div>\r\n\r\n\t\t\t\t\t\t<div style=\"clear: both;\"><\/div><\/div><div class=\"slideshow_view\">\r\n\t\t\t\t<div class=\"slideshow_slide slideshow_slide_image\">\r\n\t\t\t\t\t\t\t\t\t\t\t<img src=\"http:\/\/www.semanbaker.com.mx\/site\/wp-content\/uploads\/2015\/10\/Carpa-industrial-taller-15x15x6.jpg\" alt=\"Carpa industrial taller 15x15x6\" width=\"1460\" height=\"1095\" \/>\r\n\t\t\t\t\t\t\t\t\t\t<div class=\"slideshow_description_box slideshow_transparent\">\r\n\t\t\t\t\t\t<div class=\"slideshow_title\">Carpa industrial taller 15x15x6<\/div>\t\t\t\t\t\t\t\t\t\t\t<\/div>\r\n\t\t\t\t<\/div>\r\n\r\n\t\t\t\t\t\t<div style=\"clear: both;\"><\/div><\/div><div class=\"slideshow_view\">\r\n\t\t\t\t<div class=\"slideshow_slide slideshow_slide_image\">\r\n\t\t\t\t\t\t\t\t\t\t\t<img src=\"http:\/\/www.semanbaker.com.mx\/site\/wp-content\/uploads\/2015\/10\/Carpa-AL-20-industrial-para-Supermercado-Lidl_1.jpg\" alt=\"Carpa AL-20 industrial para Supermercado Lidl_1\" width=\"2592\" height=\"1936\" \/>\r\n\t\t\t\t\t\t\t\t\t\t<div class=\"slideshow_description_box slideshow_transparent\">\r\n\t\t\t\t\t\t<div class=\"slideshow_title\">Carpa AL-20 industrial para Supermercado Lidl_1<\/div>\t\t\t\t\t\t\t\t\t\t\t<\/div>\r\n\t\t\t\t<\/div>\r\n\r\n\t\t\t\t\t\t<div style=\"clear: both;\"><\/div><\/div><div class=\"slideshow_view\">\r\n\t\t\t\t<div class=\"slideshow_slide slideshow_slide_image\">\r\n\t\t\t\t\t\t\t\t\t\t\t<img src=\"http:\/\/www.semanbaker.com.mx\/site\/wp-content\/uploads\/2015\/10\/Carpa-25x80-arcos-curvados-2.jpg\" alt=\"Carpa 25x80 , arcos curvados 2\" width=\"3264\" height=\"2448\" \/>\r\n\t\t\t\t\t\t\t\t\t\t<div class=\"slideshow_description_box slideshow_transparent\">\r\n\t\t\t\t\t\t<div class=\"slideshow_title\">Carpa 25x80 , arcos curvados 2<\/div>\t\t\t\t\t\t\t\t\t\t\t<\/div>\r\n\t\t\t\t<\/div>\r\n\r\n\t\t\t\t\t\t<div style=\"clear: both;\"><\/div><\/div><div class=\"slideshow_view\">\r\n\t\t\t\t<div class=\"slideshow_slide slideshow_slide_image\">\r\n\t\t\t\t\t\t\t\t\t\t\t<img src=\"http:\/\/www.semanbaker.com.mx\/site\/wp-content\/uploads\/2015\/10\/Carpa-25x80-arcos-curvados-1.jpg\" alt=\"Carpa 25x80 , arcos curvados 1\" width=\"4252\" height=\"2835\" \/>\r\n\t\t\t\t\t\t\t\t\t\t<div class=\"slideshow_description_box slideshow_transparent\">\r\n\t\t\t\t\t\t<div class=\"slideshow_title\">Carpa 25x80 , arcos curvados 1<\/div>\t\t\t\t\t\t\t\t\t\t\t<\/div>\r\n\t\t\t\t<\/div>\r\n\r\n\t\t\t\t\t\t<div style=\"clear: both;\"><\/div><\/div><div class=\"slideshow_view\">\r\n\t\t\t\t<div class=\"slideshow_slide slideshow_slide_image\">\r\n\t\t\t\t\t\t\t\t\t\t\t<img src=\"http:\/\/www.semanbaker.com.mx\/site\/wp-content\/uploads\/2015\/10\/Al-20-transparente.jpg\" alt=\"Al-20 transparente\" width=\"728\" height=\"283\" \/>\r\n\t\t\t\t\t\t\t\t\t\t<div class=\"slideshow_description_box slideshow_transparent\">\r\n\t\t\t\t\t\t<div class=\"slideshow_title\">Al-20 transparente<\/div>\t\t\t\t\t\t\t\t\t\t\t<\/div>\r\n\t\t\t\t<\/div>\r\n\r\n\t\t\t\t\t\t<div style=\"clear: both;\"><\/div><\/div>\r\n\t\t<\/div>\r\n\r\n\t\t<div class=\"slideshow_controlPanel slideshow_transparent\" style=\"display: none;\"><ul><li class=\"slideshow_togglePlay\" data-play-text=\"Play\" data-pause-text=\"Pause\"><\/li><\/ul><\/div>\r\n\r\n\t\t<div class=\"slideshow_button slideshow_previous slideshow_transparent\" role=\"button\" data-previous-text=\"Previous\" style=\"display: none;\"><\/div>\r\n\t\t<div class=\"slideshow_button slideshow_next slideshow_transparent\" role=\"button\" data-next-text=\"Next\" style=\"display: none;\"><\/div>\r\n\r\n\t\t<div class=\"slideshow_pagination\" style=\"display: none;\" data-go-to-text=\"Go to slide\"><div class=\"slideshow_pagination_center\"><\/div><\/div>\r\n\r\n\t\t<!-- WordPress Slideshow Version 2.3.1 -->\r\n\r\n\t\t\t<\/div>\r\n\r\n\n","protected":false},"excerpt":{"rendered":"<p>SEMAN BAKER\u00ae distribuidor oficial de la marca MO\u00d1ITA\u00ae en M\u00e9xico. Mo\u00f1ita \u00ae, empresa espa\u00f1ola con 75 a\u00f1os de trayectoria en el mercado, cuyos productos cuentan con el Certificado de Gesti\u00f3n de Calidad ISO 9001:2008 y cumplimiento estricto de las normas UNE EN 13782 y UNE EN 15619. Carpas poligonales y a dos aguas de calidad [&hellip;]<\/p>\n","protected":false},"author":1,"featured_media":0,"parent":6,"menu_order":4,"comment_status":"closed","ping_status":"closed","template":"","meta":{"footnotes":""},"class_list":["post-566","page","type-page","status-publish","hentry"],"_links":{"self":[{"href":"http:\/\/www.semanbaker.com.mx\/site\/wp-json\/wp\/v2\/pages\/566","targetHints":{"allow":["GET"]}}],"collection":[{"href":"http:\/\/www.semanbaker.com.mx\/site\/wp-json\/wp\/v2\/pages"}],"about":[{"href":"http:\/\/www.semanbaker.com.mx\/site\/wp-json\/wp\/v2\/types\/page"}],"author":[{"embeddable":true,"href":"http:\/\/www.semanbaker.com.mx\/site\/wp-json\/wp\/v2\/users\/1"}],"replies":[{"embeddable":true,"href":"http:\/\/www.semanbaker.com.mx\/site\/wp-json\/wp\/v2\/comments?post=566"}],"version-history":[{"count":19,"href":"http:\/\/www.semanbaker.com.mx\/site\/wp-json\/wp\/v2\/pages\/566\/revisions"}],"predecessor-version":[{"id":1024,"href":"http:\/\/www.semanbaker.com.mx\/site\/wp-json\/wp\/v2\/pages\/566\/revisions\/1024"}],"up":[{"embeddable":true,"href":"http:\/\/www.semanbaker.com.mx\/site\/wp-json\/wp\/v2\/pages\/6"}],"wp:attachment":[{"href":"http:\/\/www.semanbaker.com.mx\/site\/wp-json\/wp\/v2\/media?parent=566"}],"curies":[{"name":"wp","href":"https:\/\/api.w.org\/{rel}","templated":true}]}}